{"id":3,"date":"2021-06-09T10:34:08","date_gmt":"2021-06-09T08:34:08","guid":{"rendered":"https:\/\/www.fiumeiresidence.hu\/?page_id=3"},"modified":"2022-10-22T21:20:27","modified_gmt":"2022-10-22T19:20:27","slug":"adatvedelmi-iranyelvek","status":"publish","type":"page","link":"https:\/\/www.fiumeiresidence.hu\/hu\/adatvedelmi-iranyelvek\/","title":{"rendered":"Adatv\u00e9delmi Ir\u00e1nyelvek"},"content":{"rendered":"<p style=\"text-align: center;\"><strong>A Fiumei Vir\u00e1g Zrt.<\/strong><br \/>\n<strong>www.fiumeiresidence.hu weboldal\u00e1hoz kapcsol\u00f3d\u00f3<\/strong><br \/>\n<strong>adatv\u00e9delmi \u00e9s adatkezel\u00e9si szab\u00e1lyzata \u00e9s t\u00e1j\u00e9koztat\u00f3ja<\/strong><\/p>\n<p>&nbsp;<\/p>\n<p><strong>I. Fogalommeghat\u00e1roz\u00e1sok<\/strong><\/p>\n<p><strong>1. Weboldal:<\/strong> a https:\/\/www.fiumeiresidence.hu\/ c\u00edmen el\u00e9rhet\u0151, \u201eFiumei Residence\u201d lak\u00f3\u00e9p\u00fclet beruh\u00e1z\u00e1st bemutat\u00f3 weboldal.<\/p>\n<p><strong>2. Szem\u00e9lyes adat:<\/strong> azonos\u00edtott vagy azonos\u00edthat\u00f3 term\u00e9szetes szem\u00e9lyre (\u201e\u00e9rintett\u201d) vonatkoz\u00f3 b\u00e1rmely inform\u00e1ci\u00f3. (Azonos\u00edthat\u00f3 az a term\u00e9szetes szem\u00e9ly, aki k\u00f6zvetlen vagy k\u00f6zvetett m\u00f3don, k\u00fcl\u00f6n\u00f6sen valamely azonos\u00edt\u00f3, p\u00e9ld\u00e1ul n\u00e9v, sz\u00e1m, helymeghat\u00e1roz\u00f3 adat, online azonos\u00edt\u00f3 vagy a term\u00e9szetes szem\u00e9ly testi, fiziol\u00f3giai, genetikai, szellemi, gazdas\u00e1gi, kultur\u00e1lis vagy szoci\u00e1lis azonoss\u00e1g\u00e1ra vonatkoz\u00f3 egy vagy t\u00f6bb t\u00e9nyez\u0151 alapj\u00e1n azonos\u00edthat\u00f3)<\/p>\n<p><strong>3. \u00c9rintett:<\/strong> b\u00e1rmely meghat\u00e1rozott, szem\u00e9lyes adat alapj\u00e1n azonos\u00edtott vagy \u2013 k\u00f6zvetlen\u00fcl, vagy k\u00f6zvetve \u2013 azonos\u00edthat\u00f3 term\u00e9szetes szem\u00e9ly.<\/p>\n<p><strong>4. Az \u00e9rintett hozz\u00e1j\u00e1rul\u00e1sa:<\/strong> az \u00e9rintett akarat\u00e1nak \u00f6nk\u00e9ntes, konkr\u00e9t \u00e9s megfelel\u0151 t\u00e1j\u00e9koztat\u00e1son alapul\u00f3 \u00e9s egy\u00e9rtelm\u0171 kinyilv\u00e1n\u00edt\u00e1sa, amellyel az \u00e9rintett nyilatkozat vagy a meger\u0151s\u00edt\u00e9st f\u00e9lre\u00e9rthetetlen\u00fcl kifejez\u0151 cselekedet \u00fatj\u00e1n jelzi, hogy beleegyez\u00e9s\u00e9t adja az \u0151t \u00e9rint\u0151 szem\u00e9lyes adatok kezel\u00e9s\u00e9hez.<\/p>\n<p><strong>5. Adatkezel\u00e9s:<\/strong> a szem\u00e9lyes adatokon b\u00e1rmely m\u00f3don v\u00e9gzett m\u0171velet vagy m\u0171veletek \u00f6sszess\u00e9ge \u00edgy k\u00fcl\u00f6n\u00f6sen a gy\u0171jt\u00e9s, r\u00f6gz\u00edt\u00e9s, rendszerez\u00e9s, tagol\u00e1s, t\u00e1rol\u00e1s, \u00e1talak\u00edt\u00e1s vagy megv\u00e1ltoztat\u00e1s, lek\u00e9rdez\u00e9s, betekint\u00e9s, felhaszn\u00e1l\u00e1s, k\u00f6zl\u00e9s tov\u00e1bb\u00edt\u00e1s, terjeszt\u00e9s vagy egy\u00e9b m\u00f3don t\u00f6rt\u00e9n\u0151 hozz\u00e1f\u00e9rhet\u0151v\u00e9 t\u00e9tel \u00fatj\u00e1n, \u00f6sszehangol\u00e1s vagy \u00f6sszekapcsol\u00e1s, korl\u00e1toz\u00e1s, t\u00f6rl\u00e9s, illetve megsemmis\u00edt\u00e9s;<\/p>\n<p><strong>6. Adatfeldolgoz\u00e1s:<\/strong> az adatkezel\u00e9si m\u0171veletekhez kapcsol\u00f3d\u00f3 technikai feladatok elv\u00e9gz\u00e9se, f\u00fcggetlen\u00fcl a m\u0171veletek v\u00e9grehajt\u00e1s\u00e1hoz alkalmazott m\u00f3dszert\u0151l \u00e9s eszk\u00f6zt\u0151l, valamint az alkalmaz\u00e1s hely\u00e9t\u0151l, felt\u00e9ve, hogy a technikai feladatot az adatokon v\u00e9gzik.<\/p>\n<p><strong>7. Adatkezel\u0151:<\/strong> a weboldalon megadott adatok vonatkoz\u00e1s\u00e1ban a Fiumei Vir\u00e1g Z\u00e1rtk\u00f6r\u0171en M\u0171k\u00f6d\u0151 R\u00e9szv\u00e9nyt\u00e1rsas\u00e1g (1013 Budapest, Krisztina t\u00e9r 3. 1. em. 6., Cg.01-10-049805).<\/p>\n<p><strong>8. Adatfeldolgoz\u00f3:<\/strong> az a term\u00e9szetes vagy jogi szem\u00e9ly, illetve jogi szem\u00e9lyis\u00e9ggel nem rendelkez\u0151 szervezet, aki, vagy amely az adatkezel\u0151vel k\u00f6t\u00f6tt szerz\u0151d\u00e9se alapj\u00e1n \u2013 bele\u00e9rtve a jogszab\u00e1ly rendelkez\u00e9se alapj\u00e1n t\u00f6rt\u00e9n\u0151 szerz\u0151d\u00e9sk\u00f6t\u00e9st is \u2013 az adatok feldolgoz\u00e1s\u00e1t v\u00e9gzi. Adatkezel\u0151 a weboldal vonatkoz\u00e1s\u00e1ban: a \u2026Eva Comorkov\u00e1\u2026<\/p>\n<p><strong>9. Harmadik szem\u00e9ly:<\/strong> olyan term\u00e9szetes vagy jogi szem\u00e9ly, illetve jogi szem\u00e9lyis\u00e9ggel nem rendelkez\u0151 szervezet, aki vagy amely nem azonos az \u00e9rintettel, az adatkezel\u0151vel vagy az adatfeldolgoz\u00f3val.<\/p>\n<p><strong>10. Adattov\u00e1bb\u00edt\u00e1s:<\/strong> az adat meghat\u00e1rozott harmadik szem\u00e9ly sz\u00e1m\u00e1ra t\u00f6rt\u00e9n\u0151 hozz\u00e1f\u00e9rhet\u0151v\u00e9 t\u00e9tele.<\/p>\n<p><strong>11. Nyilv\u00e1noss\u00e1gra hozatal:<\/strong> az adat b\u00e1rki sz\u00e1m\u00e1ra t\u00f6rt\u00e9n\u0151 hozz\u00e1f\u00e9rhet\u0151v\u00e9 t\u00e9tele.<\/p>\n<p><strong>12. Adatt\u00f6rl\u00e9s:<\/strong> az adatok felismerhetetlenn\u00e9 t\u00e9tele oly m\u00f3don, hogy a helyre\u00e1ll\u00edt\u00e1suk t\u00f6bb\u00e9 nem lehets\u00e9ges.<\/p>\n<p><strong>13. Az adatkezel\u00e9s korl\u00e1toz\u00e1sa:<\/strong> a t\u00e1rolt szem\u00e9lyes adatok megjel\u00f6l\u00e9se j\u00f6v\u0151beli kezel\u00e9s\u00fck korl\u00e1toz\u00e1sa c\u00e9lj\u00e1b\u00f3l.<\/p>\n<p><strong>14. Tiltakoz\u00e1s:<\/strong> az \u00e9rintett nyilatkozata, amellyel szem\u00e9lyes adatainak kezel\u00e9s\u00e9t kifog\u00e1solja, \u00e9s az adatkezel\u00e9s megsz\u00fcntet\u00e9s\u00e9t, illetve a kezelt adatok t\u00f6rl\u00e9s\u00e9t k\u00e9ri.<\/p>\n<p><strong>15. Adatv\u00e9delmi incidens:<\/strong> a biztons\u00e1g olyan s\u00e9r\u00fcl\u00e9se, amely a tov\u00e1bb\u00edtott, t\u00e1rolt vagy m\u00e1s m\u00f3don kezelt szem\u00e9lyes adatok v\u00e9letlen vagy jogellenes megsemmis\u00edt\u00e9s\u00e9t, elveszt\u00e9s\u00e9t, megv\u00e1ltoztat\u00e1s\u00e1t, jogosulatlan k\u00f6zl\u00e9s\u00e9t vagy az azokhoz val\u00f3 jogosulatlan hozz\u00e1f\u00e9r\u00e9st eredm\u00e9nyezi.<\/p>\n<p>&nbsp;<\/p>\n<p><strong>II. Adatkezel\u00e9s c\u00e9lja:<\/strong><\/p>\n<p>Az adatkezel\u00e9s c\u00e9lja a weboldalon megadott adatok eset\u00e9ben: \u201eFiumei Residence\u201d lak\u00f3\u00e9p\u00fclet beruh\u00e1z\u00e1s keret\u00e9ben \u00e9p\u00fcl\u0151 \/ \u00e9p\u00edtett ingatlanokkal kapcsolatos k\u00e9rd\u00e9sek megv\u00e1laszol\u00e1sa, \u00e9rt\u00e9kes\u00edt\u00e9sre ker\u00fcl\u0151 ingatlanok kiaj\u00e1nl\u00e1sa, k\u00e9rt t\u00e1j\u00e9koztat\u00e1s megad\u00e1sa az \u00e9rdekl\u0151d\u0151k sz\u00e1m\u00e1ra, kapcsolatfelv\u00e9tel.<\/p>\n<p>Az adatkezel\u00e9s c\u00e9lja el\u0151szerz\u0151d\u00e9s, szerz\u0151d\u00e9s vagy egy\u00e9b meg\u00e1llapod\u00e1s megk\u00f6t\u00e9se eset\u00e9n: szerz\u0151d\u00e9sek l\u00e9trehozatala, szerz\u0151d\u00e9sek teljes\u00edt\u00e9se, sz\u00e1mviteli bizonylatok k\u00e9sz\u00edt\u00e9se, kapcsolattart\u00e1s, ig\u00e9ny\u00e9rv\u00e9nyes\u00edt\u00e9s.<\/p>\n<p><strong>III. Az adatkezel\u00e9s jogalapja:<\/strong><\/p>\n<p>A weboldalon megadott adatok eset\u00e9ben az \u00e9rdekl\u0151d\u0151 \u00f6nk\u00e9ntes, konkr\u00e9t, megfelel\u0151 t\u00e1j\u00e9koztat\u00e1son alapul\u00f3 \u00e9s egy\u00e9rtelm\u0171 hozz\u00e1j\u00e1rul\u00e1sa (GDPR 6. cikk (1) bekezd\u00e9s a) pont), illetve az Infotv. 5. \u00a7 (1) b) szerinti \u00e9rintetti hozz\u00e1j\u00e1rul\u00e1s.<\/p>\n<p>El\u0151szerz\u0151d\u00e9s, szerz\u0151d\u00e9s vagy egy\u00e9b meg\u00e1llapod\u00e1s megk\u00f6t\u00e9se eset\u00e9n a p\u00e9nzmos\u00e1s \u00e9s a terrorizmus finansz\u00edroz\u00e1sa megel\u0151z\u00e9s\u00e9r\u0151l \u00e9s megakad\u00e1lyoz\u00e1s\u00e1r\u00f3l sz\u00f3l\u00f3 2017. \u00e9vi LIII. t\u00f6rv\u00e9ny 56.\u00a7 (2) bekezd\u00e9se, amely alapj\u00e1n Adatkezel\u0151 a birtok\u00e1ba jutott szem\u00e9lyes adatokat az \u00fczleti kapcsolat megsz\u0171n\u00e9s\u00e9t\u0151l, illetve az \u00fcgyleti megb\u00edz\u00e1s teljes\u00edt\u00e9s\u00e9t\u0151l sz\u00e1m\u00edtott nyolc \u00e9vig jogosult kezelni; a GDPR rendelet 6. cikk (1) bekezd\u00e9s c) pontja, azaz az Adatkezel\u0151re vonatkoz\u00f3 jogi k\u00f6telezetts\u00e9g teljes\u00edt\u00e9se (az \u00e1ltal\u00e1nos forgalmi ad\u00f3r\u00f3l sz\u00f3l\u00f3 2007. \u00e9vi CXXVII. tv. 169.\u00a7, valamint a sz\u00e1mvitelr\u0151l sz\u00f3l\u00f3 2000. \u00e9vi C. t\u00f6rv\u00e9ny 167.\u00a7 \u00e9s 169.\u00a7 (1) \u00e9s (2) bekezd\u00e9se, az ingatlan-nyilv\u00e1ntart\u00e1sr\u00f3l sz\u00f3l\u00f3 1997. \u00e9vi CLXI tv. \u00e9s annak v\u00e9grehajt\u00e1si rendelete, a 109\/1999. (XII. 29.) FVM rendelet).<\/p>\n<p><strong>IV. Adatkezel\u00e9s t\u00e9nye, kezelt adatok k\u00f6re:<\/strong><\/p>\n<p>A Fiumei Vir\u00e1g Zrt. a weboldalon kereszt\u00fcl \u00e9rkez\u0151 megkeres\u00e9sekkel \u00f6sszef\u00fcgg\u00e9sben az \u00e9rdekl\u0151d\u0151k csal\u00e1di \u00e9s ut\u00f3nev\u00e9t, e-mail c\u00edm\u00e9t, telefonsz\u00e1m\u00e1t r\u00f6gz\u00edti.<\/p>\n<p>Szerz\u0151d\u00e9sk\u00f6t\u00e9ssel \u00f6sszef\u00fcgg\u00e9sben a Fiumei Vir\u00e1g Zrt. \u00e1ltal a fentieken t\u00fal kezelt adatok k\u00f6re: a szerz\u0151d\u0151 felek sz\u00fclet\u00e9si csal\u00e1di \u00e9s ut\u00f3n\u00e9ve, \u00e1llampolg\u00e1rs\u00e1ga, sz\u00fclet\u00e9si helye, ideje, lakc\u00edme, tart\u00f3zkod\u00e1si helye, anyja sz\u00fclet\u00e9si neve, szem\u00e9lyazonos\u00edt\u00f3 okm\u00e1nyok t\u00edpusa \u00e9s sz\u00e1ma, szem\u00e9lyi azonos\u00edt\u00f3ja (kor\u00e1bban: szem\u00e9lyi sz\u00e1m), ad\u00f3sz\u00e1ma (ad\u00f3azonos\u00edt\u00f3 jele), fizet\u00e9si sz\u00e1mlasz\u00e1ma \u00e9s al\u00e1\u00edr\u00e1sa.<\/p>\n<p><strong>V. Az adatkezel\u00e9s biztons\u00e1ga:<\/strong><\/p>\n<p>Az adatokat pap\u00edr alapon z\u00e1rhat\u00f3 irod\u00e1ban, iratt\u00e1rban, illetve elektronikusan jelsz\u00f3val v\u00e9dett sz\u00e1m\u00edt\u00f3g\u00e9pen \u00e9s szerveren t\u00e1rolja Adatkezel\u0151.<\/p>\n<p>Megfelel\u0151 biztons\u00e1gi int\u00e9zked\u00e9sek alkalmaz\u00e1s\u00e1val az adat\u00e1llom\u00e1nyokban t\u00e1rolt szem\u00e9lyes adatok v\u00e9delme \u00e9rdek\u00e9ben az Adatkezel\u0151 gondoskodik a v\u00e9letlen vagy jogtalan megsemmis\u00edt\u00e9s, vagy v\u00e9letlen elveszt\u00e9s, valamint a jogtalan hozz\u00e1f\u00e9r\u00e9s, megv\u00e1ltoztat\u00e1s vagy terjeszt\u00e9s megakad\u00e1lyoz\u00e1s\u00e1r\u00f3l.<\/p>\n<p>Adattov\u00e1bb\u00edt\u00e1s az EU-n k\u00edv\u00fcli harmadik orsz\u00e1gba nem t\u00f6rt\u00e9nik.<\/p>\n<p><strong>VI. Az adatkezel\u00e9s id\u0151tartama:<\/strong><\/p>\n<p>Amennyiben a kapcsolatfelv\u00e9tel alapj\u00e1n nem ker\u00fcl sor el\u0151szerz\u0151d\u00e9s, ad\u00e1sv\u00e9teli szerz\u0151d\u00e9s vagy egy\u00e9b meg\u00e1llapod\u00e1s megk\u00f6t\u00e9s\u00e9re, az adatkezel\u00e9s id\u0151tartama: az \u00e9rintett t\u00f6rl\u00e9si k\u00e9relm\u00e9nek be\u00e9rkez\u00e9s\u00e9t k\u00f6vet\u0151 10. munkanap, legfeljebb \u00e9rdekl\u0151d\u00e9s be\u00e9rkez\u00e9s\u00e9t k\u00f6vet\u0151 24 h\u00f3nap.<\/p>\n<p>Szerz\u0151d\u00e9sk\u00f6t\u00e9s eset\u00e9n a vonatkoz\u00f3 jogi szab\u00e1lyoz\u00e1sban meghat\u00e1rozott id\u0151tartam (a vev\u0151 tulajdonjog\u00e1nak bejegyz\u00e9s\u00e9t\u0151l sz\u00e1m\u00edtott nyolc \u00e9v letelt\u00e9t k\u00f6vet\u0151 10. munkanap, a p\u00e9nzmos\u00e1s \u00e9s a terrorizmus finansz\u00edroz\u00e1sa megel\u0151z\u00e9s\u00e9r\u0151l \u00e9s megakad\u00e1lyoz\u00e1s\u00e1r\u00f3l sz\u00f3l\u00f3 2017. \u00e9vi LIII. t\u00f6rv\u00e9ny 56.\u00a7 (2) bekezd\u00e9se alapj\u00e1n, illetve a sz\u00e1mvitelr\u0151l sz\u00f3l\u00f3 2000. \u00e9vi C. t\u00f6rv\u00e9ny alapj\u00e1n az Adatkezel\u0151 egyes \u00fczleti \u00e9vr\u0151l k\u00e9sz\u00edtett besz\u00e1mol\u00f3j\u00e1t\u00f3l sz\u00e1m\u00edtott 8. napt\u00e1ri \u00e9vet k\u00f6vet\u0151 \u00e9v m\u00e1rcius 31. napj\u00e1t k\u00f6vet\u0151 10 munkanap).<\/p>\n<p><strong>VII. Az adatkezel\u00e9s elvei:<\/strong><\/p>\n<p>a) \u201eC\u00e9lhoz k\u00f6t\u00f6tts\u00e9g elve\u201d: Szem\u00e9lyes adat kiz\u00e1r\u00f3lag meghat\u00e1rozott c\u00e9lb\u00f3l, jog gyakorl\u00e1sa \u00e9s k\u00f6telezetts\u00e9g teljes\u00edt\u00e9se \u00e9rdek\u00e9ben kezelhet\u0151. Az adatkezel\u00e9snek minden szakasz\u00e1ban meg kell felelnie az adatkezel\u00e9s c\u00e9lj\u00e1nak, az adatok felv\u00e9tel\u00e9nek \u00e9s kezel\u00e9s\u00e9nek tisztess\u00e9gesnek \u00e9s t\u00f6rv\u00e9nyesnek kell lennie.<\/p>\n<p>b) \u201eJogszer\u0171s\u00e9g, tisztess\u00e9ges elj\u00e1r\u00e1s \u00e9s \u00e1tl\u00e1that\u00f3s\u00e1g\u201d elve: Szem\u00e9lyes adatok kezel\u00e9s\u00e9t jogszer\u0171en \u00e9s tisztess\u00e9gesen, valamint az \u00e9rintett sz\u00e1m\u00e1ra \u00e1tl\u00e1that\u00f3 m\u00f3don kell v\u00e9gezni.<\/p>\n<p>c) \u201eAr\u00e1nyoss\u00e1g, sz\u00fcks\u00e9gess\u00e9g\u201d vagy \u201eadattakar\u00e9koss\u00e1g\u201d elve: Csak olyan szem\u00e9lyes adat kezelhet\u0151, amely az adatkezel\u00e9s c\u00e9lj\u00e1nak megval\u00f3sul\u00e1s\u00e1hoz elengedhetetlen, a c\u00e9l el\u00e9r\u00e9s\u00e9re alkalmas. A szem\u00e9lyes adat csak a c\u00e9l megval\u00f3sul\u00e1s\u00e1hoz sz\u00fcks\u00e9ges m\u00e9rt\u00e9kben \u00e9s ideig kezelhet\u0151. Mindezeknek megfelel\u0151en Adatkezel\u0151 csak \u00e9s kiz\u00e1r\u00f3lag olyan adatot kezel, amely felt\u00e9tlen\u00fcl sz\u00fcks\u00e9ges.<\/p>\n<p>d) \u201ePontoss\u00e1g\u201d elve: Az adatkezel\u00e9s sor\u00e1n biztos\u00edtani kell az adatok pontoss\u00e1g\u00e1t, teljess\u00e9g\u00e9t \u00e9s &#8211; ha az adatkezel\u00e9s c\u00e9lj\u00e1ra tekintettel sz\u00fcks\u00e9ges &#8211; naprak\u00e9szs\u00e9g\u00e9t, valamint azt, hogy az \u00e9rintettet csak az adatkezel\u00e9s c\u00e9lj\u00e1hoz sz\u00fcks\u00e9ges ideig lehessen azonos\u00edtani.<\/p>\n<p>e) \u201eIntegrit\u00e1s \u00e9s bizalmass\u00e1g\u201d elve: Megfelel\u0151 biztons\u00e1gi int\u00e9zked\u00e9sek alkalmaz\u00e1s\u00e1val az automatiz\u00e1lt adat\u00e1llom\u00e1nyokban t\u00e1rolt szem\u00e9lyes adatok v\u00e9delme \u00e9rdek\u00e9ben az Adatkezel\u0151 gondoskodik a v\u00e9letlen vagy jogtalan megsemmis\u00edt\u00e9s, vagy v\u00e9letlen elveszt\u00e9s, valamint a jogtalan hozz\u00e1f\u00e9r\u00e9s, megv\u00e1ltoztat\u00e1s vagy terjeszt\u00e9s megakad\u00e1lyoz\u00e1s\u00e1r\u00f3l.<\/p>\n<p>f) \u201eElsz\u00e1moltathat\u00f3s\u00e1g\u201d elve: Az Adatkezel\u0151 felel\u0151s az a-f.) pontoknak, \u00e9s a jelen t\u00e1j\u00e9koztat\u00f3ban meghat\u00e1rozottaknak val\u00f3 megfelel\u00e9s\u00e9rt, tov\u00e1bb\u00e1 k\u00e9pesnek kell lennie e megfelel\u00e9s igazol\u00e1s\u00e1ra.<\/p>\n<p><strong>VIII. \u00c9rintettek jogai<\/strong><\/p>\n<p>1. Hozz\u00e1f\u00e9r\u00e9si jog<\/p>\n<p>Az \u00e9rintett jogosult arra, hogy az Adatkezel\u0151t\u0151l t\u00e1j\u00e9koztat\u00e1st kapjon arra vonatkoz\u00f3an, hogy szem\u00e9lyes adatainak kezel\u00e9se folyamatban van-e, \u00e9s ha igen, abban az esetben k\u00e9rheti, hogy az Adatkezel\u0151 az adatkezel\u00e9s t\u00e1rgy\u00e1t k\u00e9pez\u0151 szem\u00e9lyes adatok m\u00e1solat\u00e1t bocs\u00e1ssa a rendelkez\u00e9s\u00e9re \u00e9s a k\u00f6vetkez\u0151 inform\u00e1ci\u00f3khoz hozz\u00e1f\u00e9r\u00e9st kapjon: adatkezel\u00e9s c\u00e9lja, adatok kateg\u00f3ri\u00e1i, c\u00edmzettek vagy azok kateg\u00f3ri\u00e1i, akikkel a szem\u00e9lyes adatokat k\u00f6z\u00f6lt\u00e9k vagy k\u00f6z\u00f6lni fogj\u00e1k, adatok t\u00e1rol\u00e1s\u00e1nak tervezett id\u0151tartama, t\u00f6rl\u00e9shez, helyesb\u00edt\u00e9shez val\u00f3 jog, tiltakoz\u00e1s joga, panasz beny\u00fajt\u00e1shoz val\u00f3 jog, adatok forr\u00e1sa, automatiz\u00e1lt d\u00f6nt\u00e9shozatal t\u00e9nye (profilalkot\u00e1s).<\/p>\n<p>2. Helyesb\u00edt\u00e9shez val\u00f3 jog<\/p>\n<p>Az \u00e9rintett jogosult arra, hogy k\u00e9r\u00e9s\u00e9re az Adatkezel\u0151 indokolatlan k\u00e9sedelem n\u00e9lk\u00fcl helyesb\u00edtse, kieg\u00e9sz\u00edtse a r\u00e1 vonatkoz\u00f3 pontatlan szem\u00e9lyes adatokat.<\/p>\n<p>3. A t\u00f6rl\u00e9shez val\u00f3 jog (\u201eaz elfeledtet\u00e9shez val\u00f3 jog\u201d)<\/p>\n<p>Az \u00e9rintett jogosult arra, hogy k\u00e9r\u00e9s\u00e9re az Adatkezel\u0151 indokolatlan k\u00e9sedelem n\u00e9lk\u00fcl t\u00f6r\u00f6lje a r\u00e1 vonatkoz\u00f3 szem\u00e9lyes adatokat, az adatkezel\u0151 pedig k\u00f6teles arra, hogy az \u00e9rintettre vonatkoz\u00f3 szem\u00e9lyes adatokat indokolatlan k\u00e9sedelem n\u00e9lk\u00fcl t\u00f6r\u00f6lje, amennyiben az adatkezel\u00e9snek nincs m\u00e1s, \u00e9rv\u00e9nyes jogalapja.<\/p>\n<p>4. Az adatkezel\u00e9s korl\u00e1toz\u00e1s\u00e1hoz val\u00f3 jog<\/p>\n<p>Az \u00e9rintett jogosult arra, hogy k\u00e9r\u00e9s\u00e9re az Adatkezel\u0151 korl\u00e1tozza az adatkezel\u00e9st, ha \u00e9rintett vitatja a szem\u00e9lyes adatok pontoss\u00e1g\u00e1t, ez esetben a korl\u00e1toz\u00e1s arra az id\u0151tartamra vonatkozik, amely lehet\u0151v\u00e9 teszi, hogy az Adatkezel\u0151 ellen\u0151rizze a szem\u00e9lyes adatok pontoss\u00e1g\u00e1t.<\/p>\n<p>Az \u00e9rintett jogosult arra, hogy k\u00e9r\u00e9s\u00e9re az Adatkezel\u0151 korl\u00e1tozza az adatkezel\u00e9st, ha az adatkezel\u00e9s jogellenes, \u00e9s az \u00e9rintett az adatok t\u00f6rl\u00e9se helyett azok felhaszn\u00e1l\u00e1s\u00e1nak korl\u00e1toz\u00e1s\u00e1t k\u00e9ri.<\/p>\n<p>Az \u00e9rintett jogosult arra, hogy k\u00e9r\u00e9s\u00e9re az Adatkezel\u0151 korl\u00e1tozza az adatkezel\u00e9st, ha az adatkezel\u00e9s c\u00e9lja megsz\u0171nt, de az \u00e9rintett ig\u00e9nyli az adatainak tov\u00e1bbi kezel\u00e9s\u00e9t jogi ig\u00e9nyek el\u0151terjeszt\u00e9s\u00e9hez, \u00e9rv\u00e9nyes\u00edt\u00e9s\u00e9hez vagy v\u00e9delm\u00e9hez.<\/p>\n<p>5. Az adathordozhat\u00f3s\u00e1ghoz val\u00f3 jog<\/p>\n<p>Az \u00e9rintett jogosult arra, hogy az automatiz\u00e1lt m\u00f3don, hozz\u00e1j\u00e1rul\u00e1s vagy szerz\u0151d\u00e9s alapj\u00e1n kezelt szem\u00e9lyes adatait tagolt, sz\u00e9les k\u00f6rben haszn\u00e1lt, g\u00e9ppel olvashat\u00f3 form\u00e1tumban megkapja, tov\u00e1bb\u00e1 jogosult arra, hogy ezeket az adatokat egy m\u00e1sik Adatkezel\u0151nek tov\u00e1bb\u00edtsa.<\/p>\n<p>6. A tiltakoz\u00e1shoz val\u00f3 jog<\/p>\n<p>Az \u00e9rintett jogosult arra, hogy tiltakozzon szem\u00e9lyes adatainak a jogi k\u00f6telezetts\u00e9g teljes\u00edt\u00e9s\u00e9n vagy jogos \u00e9rdek \u00e9rv\u00e9nyes\u00edt\u00e9s\u00e9n alapul\u00f3 kezel\u00e9se ellen. Ebben az esetben az Adatkezel\u0151 a szem\u00e9lyes adatokat nem kezelheti tov\u00e1bb, kiv\u00e9ve, ha az Adatkezel\u0151 bizony\u00edtja, hogy az adatkezel\u00e9st olyan k\u00e9nyszer\u00edt\u0151 erej\u0171 jogos okok indokolj\u00e1k, amelyek els\u0151bbs\u00e9get \u00e9lveznek az \u00e9rintett \u00e9rdekeivel, jogaival \u00e9s szabads\u00e1gaival szemben, vagy amelyek jogi ig\u00e9nyek el\u0151terjeszt\u00e9s\u00e9hez, \u00e9rv\u00e9nyes\u00edt\u00e9s\u00e9hez vagy v\u00e9delm\u00e9hez kapcsol\u00f3dnak. Az Adatkezel\u0151 \u2013 az adatkezel\u00e9s egyidej\u0171 felf\u00fcggeszt\u00e9s\u00e9vel \u2013 a tiltakoz\u00e1st a k\u00e9relem beny\u00fajt\u00e1s\u00e1t\u00f3l sz\u00e1m\u00edtott legr\u00f6videbb id\u0151n bel\u00fcl, de legfeljebb 30 nap alatt megvizsg\u00e1lja, \u00e9s annak eredm\u00e9ny\u00e9r\u0151l a k\u00e9relmez\u0151t \u00edr\u00e1sban t\u00e1j\u00e9koztatja. Amennyiben a k\u00e9relmez\u0151 tiltakoz\u00e1sa megalapozott, az Adatkezel\u0151 az adatkezel\u00e9st \u2013 bele\u00e9rtve a tov\u00e1bbi adatfelv\u00e9telt \u00e9s adattov\u00e1bb\u00edt\u00e1st is \u2013 megsz\u00fcnteti, \u00e9s az adatokat z\u00e1rolja, valamint a tiltakoz\u00e1sr\u00f3l, illet\u0151leg az annak alapj\u00e1n tett int\u00e9zked\u00e9sekr\u0151l \u00e9rtes\u00edti mindazokat, akik r\u00e9sz\u00e9re a tiltakoz\u00e1ssal \u00e9rintett szem\u00e9lyes adatot kor\u00e1bban tov\u00e1bb\u00edtotta, \u00e9s akik k\u00f6telesek int\u00e9zkedni a tiltakoz\u00e1si jog \u00e9rv\u00e9nyes\u00edt\u00e9se \u00e9rdek\u00e9ben. Amennyiben az \u00e9rintett az Adatkezel\u0151 d\u00f6nt\u00e9s\u00e9vel nem \u00e9rt egyet, vagy az Adatkezel\u0151 a hivatkozott hat\u00e1rid\u0151t elmulasztja, jogosult \u2013 annak k\u00f6zl\u00e9s\u00e9t\u0151l sz\u00e1m\u00edtott 30 napon bel\u00fcl \u2013 b\u00edr\u00f3s\u00e1ghoz fordulni.<\/p>\n<p>Ha a szem\u00e9lyes adatok kezel\u00e9se k\u00f6zvetlen \u00fczletszerz\u00e9s \u00e9rdek\u00e9ben t\u00f6rt\u00e9nik, az \u00e9rintett jogosult arra, hogy b\u00e1rmikor tiltakozzon a r\u00e1 vonatkoz\u00f3 szem\u00e9lyes adatok e c\u00e9lb\u00f3l t\u00f6rt\u00e9n\u0151 kezel\u00e9se ellen, ide\u00e9rtve a profilalkot\u00e1st is, amennyiben az a k\u00f6zvetlen \u00fczletszerz\u00e9shez kapcsol\u00f3dik. Ha az \u00e9rintett tiltakozik a szem\u00e9lyes adatok k\u00f6zvetlen \u00fczletszerz\u00e9s \u00e9rdek\u00e9ben t\u00f6rt\u00e9n\u0151 kezel\u00e9se ellen, akkor a szem\u00e9lyes adatok a tov\u00e1bbiakban e c\u00e9lb\u00f3l nem kezelhet\u0151k.<\/p>\n<p><strong>IX. Cookie (s\u00fcti) szab\u00e1lyzat:<\/strong><\/p>\n<p>A weboldal b\u00f6ng\u00e9sz\u00e9se folyam\u00e1n technikai inform\u00e1ci\u00f3k ker\u00fclnek r\u00f6gz\u00edt\u00e9sre statisztikai c\u00e9lokb\u00f3l. (IP c\u00edm,l\u00e1togat\u00e1s id\u0151tartama,oper\u00e1ci\u00f3s rendszer, b\u00f6ng\u00e9sz\u0151 t\u00edpusa stb). Az adatment\u00e9snek els\u0151sorban technikai jelleg\u0171 c\u00e9lja van, a rendszer folyamatos m\u0171k\u00f6d\u00e9s\u00e9hez elengedhetetlen. Az adatr\u00f6gz\u00edt\u00e9s tov\u00e1bbi c\u00e9lja, felhaszn\u00e1l\u00f3i szok\u00e1sok elemz\u00e9se, l\u00e1togatotts\u00e1gi statisztik\u00e1k k\u00e9sz\u00edt\u00e9se, mely a magasabb sz\u00ednvonal\u00fa kiszolg\u00e1l\u00e1shoz ny\u00fajt seg\u00edts\u00e9get. Az elemz\u00e9s sor\u00e1n felmer\u00fclt adatokat m\u00e1s inform\u00e1ci\u00f3kkal nem k\u00f6tj\u00fck \u00f6ssze, a felhaszn\u00e1l\u00f3 szem\u00e9ly\u00e9nek azonos\u00edt\u00e1s\u00e1ra nem t\u00f6reksz\u00fcnk. Az \u00e9rintettek k\u00f6re, a weboldalt l\u00e1togat\u00f3 valamennyi felhaszn\u00e1l\u00f3. Az adatkezel\u00e9s id\u0151tartama, t\u00f6rl\u00e9s\u00e9nek hat\u00e1rideje: az \u00e1lland\u00f3 cookie-k f\u00e1jlk\u00e9nt t\u00e1rol\u00f3dnak sz\u00e1m\u00edt\u00f3g\u00e9p\u00e9n, vagy mobil eszk\u00f6z\u00e9n legfeljebb 12 h\u00f3napra. Az \u00e1tmeneti cookie-k elt\u0171nnek, ha bez\u00e1rja az oldalt. A n\u00e9vtelen vagy \u00e1ltal\u00e1nos jelleg\u0171 adatok, melyekb\u0151l az \u00d6n szem\u00e9lye nem azonos\u00edthat\u00f3, nem min\u0151s\u00fclnek szem\u00e9lyes adatnak, \u00edgy nem tartoznak ezen T\u00e1j\u00e9koztat\u00f3 hat\u00e1lya al\u00e1. Mindegyik webes b\u00f6ng\u00e9sz\u0151 k\u00fcl\u00f6nb\u00f6z\u0151, \u00edgy javasoljuk, hogy haszn\u00e1lja b\u00f6ng\u00e9sz\u0151je \u201cSeg\u00edts\u00e9g\u201d men\u00fcj\u00e9t a s\u00fctik be\u00e1ll\u00edt\u00e1sainak m\u00f3dos\u00edt\u00e1s\u00e1hoz.<\/p>\n<p>A cookie haszn\u00e1lat\u00e1r\u00f3l, annak jelent\u0151s\u00e9g\u00e9r\u0151l a weboldalunkra l\u00e1togat\u00f3 \u00e9rtes\u00edt\u00e9st kap a honlap alj\u00e1n felugr\u00f3 ablakban megjelen\u0151 \u201eR\u00e9szletek\u201d linken kereszt\u00fcl, amelynek v\u00e9gigolvas\u00e1s\u00e1t k\u00f6vet\u0151en, a \u2019Bez\u00e1r\u2019 gomb megnyom\u00e1s\u00e1val jelezheti, hogy a s\u00fctik haszn\u00e1lat\u00e1t az oldalon enged\u00e9lyezi-e. Amennyiben az \u00e9rintett l\u00e1togat\u00f3 az adatkezel\u00e9shez nem j\u00e1rul hozz\u00e1, el\u0151fordulhat, hogy a honlap bizonyos szolg\u00e1ltat\u00e1sai nem jelennek meg vagy nem m\u0171k\u00f6dnek megfelel\u0151en. A s\u00fctik haszn\u00e1lat\u00e1nak megtilt\u00e1sa tov\u00e1bb\u00e1 hat\u00e1ssal lehet a megjelen\u00e9sre \u00e9s a felhaszn\u00e1l\u00f3i \u00e9lm\u00e9nyre.<\/p>\n<p><strong>X. Jogorvoslati lehet\u0151s\u00e9gek<\/strong><\/p>\n<p>1. Adatkezel\u0151 felsz\u00f3l\u00edt\u00e1sa jogosulatlan adatkezel\u00e9si tev\u00e9kenys\u00e9g eset\u00e9n<\/p>\n<p>Amennyiben az \u00e9rintettek b\u00e1rmilyen jogs\u00e9rt\u00e9st tapasztalnak a Fiumei Vir\u00e1g Zrt. adatkezel\u00e9s\u00e9vel kapcsolatban, joguk van ezt az Adatkezel\u0151 r\u00e9sz\u00e9re jelezni.<\/p>\n<p>Az Adatkezel\u0151 adatv\u00e9delmi kapcsolattart\u00f3ja: Eva Comorkov\u00e1-Kadurov\u00e1.<br \/>\ne-mail c\u00edm: comorkova@inpekholding.sk<\/p>\n<p>Int\u00e9zked\u00e9sek az \u00e9rintett Adatkezel\u0151h\u00f6z \u00e9rkez\u0151 k\u00e9relme alapj\u00e1n<\/p>\n<p>Az Adatkezel\u0151 indokolatlan k\u00e9sedelem n\u00e9lk\u00fcl, legk\u00e9s\u0151bb a k\u00e9relem be\u00e9rkez\u00e9s\u00e9t\u0151l sz\u00e1m\u00edtott 15 napon bel\u00fcl t\u00e1j\u00e9koztatja az \u00e9rintettet a jogai gyakorl\u00e1s\u00e1ra ir\u00e1nyul\u00f3 k\u00e9relme nyom\u00e1n hozott int\u00e9zked\u00e9sekr\u0151l.<br \/>\nSz\u00fcks\u00e9g eset\u00e9n, figyelembe v\u00e9ve a k\u00e9relem \u00f6sszetetts\u00e9g\u00e9t \u00e9s a k\u00e9relmek sz\u00e1m\u00e1t, ez a hat\u00e1rid\u0151 tov\u00e1bbi 30 nappal meghosszabb\u00edthat\u00f3. A hat\u00e1rid\u0151 meghosszabb\u00edt\u00e1s\u00e1r\u00f3l az Adatkezel\u0151 a k\u00e9sedelem okainak megjel\u00f6l\u00e9s\u00e9vel a k\u00e9relem k\u00e9zhezv\u00e9tel\u00e9t\u0151l sz\u00e1m\u00edtott 15 napon bel\u00fcl t\u00e1j\u00e9koztatja az \u00e9rintettet.<br \/>\nHa az \u00e9rintett elektronikus \u00faton ny\u00fajtotta be a k\u00e9relmet, a t\u00e1j\u00e9koztat\u00e1st Adatkezel\u0151 elektronikus \u00faton k\u00fcldi meg, amennyiben az \u00e9rintett a k\u00e9relemben m\u00e1sk\u00e9nt nem rendelkezik.<br \/>\nHa az Adatkezel\u0151 nem tesz int\u00e9zked\u00e9seket az \u00e9rintett k\u00e9relme nyom\u00e1n, arr\u00f3l \u00e9rintettet a fenti hat\u00e1rid\u0151ben t\u00e1j\u00e9koztatja. Ez esetben a t\u00e1j\u00e9koztat\u00e1sban megjel\u00f6li az int\u00e9zked\u00e9s elmarad\u00e1s\u00e1nak okait.<br \/>\nAdatkezel\u0151 az inform\u00e1ci\u00f3kat \u00e9s int\u00e9zked\u00e9st d\u00edjmentesen biztos\u00edtja. Ha az \u00e9rintett k\u00e9relme egy\u00e9rtelm\u0171en megalapozatlan vagy \u2013 k\u00fcl\u00f6n\u00f6sen ism\u00e9tl\u0151d\u0151 jellege miatt \u2013 t\u00falz\u00f3, az Adatkezel\u0151 brutt\u00f3 30.000,-Ft \u00f6sszeg\u0171 d\u00edjat sz\u00e1m\u00edthat fel vagy megtagadhatja a k\u00e9relem alapj\u00e1n t\u00f6rt\u00e9n\u0151 int\u00e9zked\u00e9st. Amennyiben az Adatkezel\u0151nek megalapozott k\u00e9ts\u00e9gei vannak a k\u00e9relmet beny\u00fajt\u00f3 term\u00e9szetes szem\u00e9ly kil\u00e9t\u00e9vel kapcsolatban, tov\u00e1bbi, az \u00e9rintett szem\u00e9lyazonoss\u00e1g\u00e1nak meger\u0151s\u00edt\u00e9s\u00e9hez sz\u00fcks\u00e9ges inform\u00e1ci\u00f3k ny\u00fajt\u00e1s\u00e1t k\u00e9rheti. Adatkezel\u0151 az elutas\u00edtott t\u00e1j\u00e9koztat\u00e1si k\u00e9relmekr\u0151l a Nemzeti Adatv\u00e9delmi \u00e9s Inform\u00e1ci\u00f3szabads\u00e1g Hat\u00f3s\u00e1got \u00e9vente a t\u00e1rgy\u00e9vet k\u00f6vet\u0151 \u00e9v janu\u00e1r 31-\u00e9ig \u00e9rtes\u00edteni k\u00f6teles.<\/p>\n<p>2. Panasz<\/p>\n<p>Amennyiben az \u00e9rintettek b\u00e1rmilyen jogs\u00e9rt\u00e9st tapasztalnak az Adatkezel\u0151 adatkezel\u00e9s\u00e9vel kapcsolatban, panasszal fordulhatnak a Nemzeti Adatv\u00e9delmi \u00e9s Inform\u00e1ci\u00f3szabads\u00e1g Hat\u00f3s\u00e1ghoz.<br \/>\nPosta c\u00edme: 1530 Budapest, Pf.: 5.<br \/>\ntelefonsz\u00e1ma: +36 (1) 391-1400<br \/>\ne-mail c\u00edme: ugyfelszolgalat@naih.hu<br \/>\nweboldala: http:\/\/naih.hu<\/p>\n<p>3. B\u00edr\u00f3s\u00e1gi jogorvoslathoz val\u00f3 jog<\/p>\n<p>\u00c9rintettek az Adatkezel\u0151, illetve az Adatfeldolgoz\u00f3 ellen b\u00edr\u00f3s\u00e1ghoz fordulhatnak, ha meg\u00edt\u00e9l\u00e9s\u00fck szerint szem\u00e9lyes adataiknak kezel\u00e9se az inform\u00e1ci\u00f3s \u00f6nrendelkez\u00e9si jogr\u00f3l \u00e9s az inform\u00e1ci\u00f3szabads\u00e1gr\u00f3l sz\u00f3l\u00f3 2011. \u00e9vi CXII. t\u00f6rv\u00e9ny vagy a GDPR rendelet el\u0151\u00edr\u00e1sainak megs\u00e9rt\u00e9s\u00e9vel t\u00f6rt\u00e9nik.<br \/>\nAzt, hogy az adatkezel\u00e9s a jogszab\u00e1lyban foglaltaknak megfelel, az adatkezel\u0151 k\u00f6teles bizony\u00edtani.<br \/>\nA per elb\u00edr\u00e1l\u00e1sa a t\u00f6rv\u00e9nysz\u00e9k hat\u00e1sk\u00f6r\u00e9be tartozik. A per &#8211; az \u00e9rintett v\u00e1laszt\u00e1sa szerint &#8211; az \u00e9rintett lak\u00f3helye vagy tart\u00f3zkod\u00e1si helye szerinti t\u00f6rv\u00e9nysz\u00e9k el\u0151tt is megind\u00edthat\u00f3. A perben f\u00e9l lehet az is, akinek egy\u00e9bk\u00e9nt nincs perbeli jogk\u00e9pess\u00e9ge. A perbe a Nemzeti Adatv\u00e9delmi \u00e9s Inform\u00e1ci\u00f3szabads\u00e1g Hat\u00f3s\u00e1g az \u00e9rintett pernyertess\u00e9ge \u00e9rdek\u00e9ben beavatkozhat. Ha a b\u00edr\u00f3s\u00e1g a k\u00e9relemnek helyt ad, az adatkezel\u0151t a t\u00e1j\u00e9koztat\u00e1s megad\u00e1s\u00e1ra, az adat helyesb\u00edt\u00e9s\u00e9re, z\u00e1rol\u00e1s\u00e1ra, t\u00f6rl\u00e9s\u00e9re, az automatiz\u00e1lt adatfeldolgoz\u00e1ssal hozott d\u00f6nt\u00e9s megsemmis\u00edt\u00e9s\u00e9re, az \u00e9rintett tiltakoz\u00e1si jog\u00e1nak figyelembev\u00e9tel\u00e9re, illetve az adat\u00e1tvev\u0151 \u00e1ltal k\u00e9rt adat kiad\u00e1s\u00e1ra k\u00f6telezi. A b\u00edr\u00f3s\u00e1g elrendelheti \u00edt\u00e9let\u00e9nek &#8211; az adatkezel\u0151 azonos\u00edt\u00f3 adatainak k\u00f6zz\u00e9t\u00e9tel\u00e9vel t\u00f6rt\u00e9n\u0151 &#8211; nyilv\u00e1noss\u00e1gra hozatal\u00e1t, ha azt az adatv\u00e9delem \u00e9rdekei \u00e9s nagyobb sz\u00e1m\u00fa \u00e9rintett v\u00e9dett jogai megk\u00f6veteli.<\/p>\n<p><strong>XI. Adatv\u00e9delmi incidensek bejelent\u00e9se a NAIH-nak<\/strong><\/p>\n<p>Adatkezel\u0151 az adatv\u00e9delmi incidenst indokolatlan k\u00e9sedelem n\u00e9lk\u00fcl, \u00e9s ha lehets\u00e9ges, legk\u00e9s\u0151bb 72 \u00f3r\u00e1val azut\u00e1n, hogy az adatv\u00e9delmi incidens a tudom\u00e1s\u00e1ra jutott, bejelenti a Nemzeti Adatv\u00e9delmi \u00e9s Inform\u00e1ci\u00f3szabads\u00e1g Hat\u00f3s\u00e1ghoz kiv\u00e9ve, ha az adatv\u00e9delmi incidens val\u00f3sz\u00edn\u0171s\u00edthet\u0151en nem j\u00e1r kock\u00e1zattal az \u00e9rintett jogaira \u00e9s szabads\u00e1gaira n\u00e9zve.<br \/>\nHa a bejelentett adatv\u00e9delmi incidens val\u00f3sz\u00edn\u0171s\u00edthet\u0151en magas kock\u00e1zattal j\u00e1r az \u00e9rintett jogaira \u00e9s szabads\u00e1gaira n\u00e9zve, az adatkezel\u0151 indokolatlan k\u00e9sedelem n\u00e9lk\u00fcl t\u00e1j\u00e9koztatja az \u00e9rintettet az adatv\u00e9delmi incidensr\u0151l.<\/p>\n<p><strong>XII. Alkalmazand\u00f3 jogszab\u00e1lyok<\/strong><\/p>\n<p>A jelen t\u00e1j\u00e9koztat\u00f3 az al\u00e1bbi jogszab\u00e1lyoknak val\u00f3 megfelel\u00e9st \u00e9s az \u00e9rintettek joggyakorl\u00e1s\u00e1nak biztos\u00edt\u00e1s\u00e1t szolg\u00e1lja:<br \/>\n&#8211; az inform\u00e1ci\u00f3s \u00f6nrendelkez\u00e9si jogr\u00f3l \u00e9s az inform\u00e1ci\u00f3szabads\u00e1gr\u00f3l sz\u00f3l\u00f3 2011. \u00e9vi CXII. t\u00f6rv\u00e9ny (Info tv.),<br \/>\n&#8211; az Eur\u00f3pai Parlament \u00e9s a Tan\u00e1cs (EU) 2016\/679 Rendelete (GDPR),<br \/>\n&#8211; a Polg\u00e1ri T\u00f6rv\u00e9nyk\u00f6nyvr\u0151l sz\u00f3l\u00f3 2013. \u00e9vi V. t\u00f6rv\u00e9ny (Ptk.),<br \/>\n&#8211; a p\u00e9nzmos\u00e1s \u00e9s a terrorizmus finansz\u00edroz\u00e1sa megel\u0151z\u00e9s\u00e9r\u0151l \u00e9s megakad\u00e1lyoz\u00e1s\u00e1r\u00f3l sz\u00f3l\u00f3 2017. \u00e9vi LIII. t\u00f6rv\u00e9ny.<\/p>\n<p>&nbsp;<\/p>\n<p>Budapest 06.09.2022<\/p>\n<p>&nbsp;<\/p>\n<p>&nbsp;<\/p>\n","protected":false},"excerpt":{"rendered":"<p>A Fiumei Vir\u00e1g Zrt. www.fiumeiresidence.hu weboldal\u00e1hoz kapcsol\u00f3d\u00f3 adatv\u00e9delmi \u00e9s adatkezel\u00e9si szab\u00e1lyzata \u00e9s t\u00e1j\u00e9koztat\u00f3ja &nbsp; I. Fogalommeghat\u00e1roz\u00e1sok 1. Weboldal: a https:\/\/www.fiumeiresidence.hu\/ c\u00edmen el\u00e9rhet\u0151, \u201eFiumei Residence\u201d lak\u00f3\u00e9p\u00fclet beruh\u00e1z\u00e1st bemutat\u00f3 weboldal. 2. Szem\u00e9lyes&#8230;<\/p>\n","protected":false},"author":1,"featured_media":0,"parent":0,"menu_order":0,"comment_status":"closed","ping_status":"open","template":"","meta":{"inline_featured_image":false,"_monsterinsights_skip_tracking":false,"_monsterinsights_sitenote_active":false,"_monsterinsights_sitenote_note":"","_monsterinsights_sitenote_category":0,"footnotes":""},"class_list":["post-3","page","type-page","status-publish"],"yoast_head":"<!-- This site is optimized with the Yoast SEO plugin v27.5 - https:\/\/yoast.com\/product\/yoast-seo-wordpress\/ -->\n<title>Adatv\u00e9delmi Ir\u00e1nyelvek - Fiumei<\/title>\n<meta name=\"robots\" content=\"index, follow, max-snippet:-1, max-image-preview:large, max-video-preview:-1\" \/>\n<link rel=\"canonical\" href=\"https:\/\/www.fiumeiresidence.hu\/hu\/adatvedelmi-iranyelvek\/\" \/>\n<meta property=\"og:locale\" content=\"hu_HU\" \/>\n<meta property=\"og:type\" content=\"article\" \/>\n<meta property=\"og:title\" content=\"Adatv\u00e9delmi Ir\u00e1nyelvek - Fiumei\" \/>\n<meta property=\"og:description\" content=\"A Fiumei Vir\u00e1g Zrt. www.fiumeiresidence.hu weboldal\u00e1hoz kapcsol\u00f3d\u00f3 adatv\u00e9delmi \u00e9s adatkezel\u00e9si szab\u00e1lyzata \u00e9s t\u00e1j\u00e9koztat\u00f3ja &nbsp; I. Fogalommeghat\u00e1roz\u00e1sok 1. Weboldal: a https:\/\/www.fiumeiresidence.hu\/ c\u00edmen el\u00e9rhet\u0151, \u201eFiumei Residence\u201d lak\u00f3\u00e9p\u00fclet beruh\u00e1z\u00e1st bemutat\u00f3 weboldal. 2. Szem\u00e9lyes...\" \/>\n<meta property=\"og:url\" content=\"https:\/\/www.fiumeiresidence.hu\/hu\/adatvedelmi-iranyelvek\/\" \/>\n<meta property=\"og:site_name\" content=\"Fiumei\" \/>\n<meta property=\"article:modified_time\" content=\"2022-10-22T19:20:27+00:00\" \/>\n<meta property=\"og:image\" content=\"https:\/\/www.fiumeiresidence.hu\/wp-content\/uploads\/2021\/06\/shareimage-fiumei.jpg\" \/>\n\t<meta property=\"og:image:width\" content=\"1179\" \/>\n\t<meta property=\"og:image:height\" content=\"630\" \/>\n\t<meta property=\"og:image:type\" content=\"image\/jpeg\" \/>\n<meta name=\"twitter:card\" content=\"summary_large_image\" \/>\n<meta name=\"twitter:label1\" content=\"Becs\u00fclt olvas\u00e1si id\u0151\" \/>\n\t<meta name=\"twitter:data1\" content=\"11 perc\" \/>\n<script type=\"application\/ld+json\" class=\"yoast-schema-graph\">{\"@context\":\"https:\\\/\\\/schema.org\",\"@graph\":[{\"@type\":\"WebPage\",\"@id\":\"https:\\\/\\\/www.fiumeiresidence.hu\\\/hu\\\/adatvedelmi-iranyelvek\\\/\",\"url\":\"https:\\\/\\\/www.fiumeiresidence.hu\\\/hu\\\/adatvedelmi-iranyelvek\\\/\",\"name\":\"Adatv\u00e9delmi Ir\u00e1nyelvek - Fiumei\",\"isPartOf\":{\"@id\":\"https:\\\/\\\/www.fiumeiresidence.hu\\\/#website\"},\"datePublished\":\"2021-06-09T08:34:08+00:00\",\"dateModified\":\"2022-10-22T19:20:27+00:00\",\"breadcrumb\":{\"@id\":\"https:\\\/\\\/www.fiumeiresidence.hu\\\/hu\\\/adatvedelmi-iranyelvek\\\/#breadcrumb\"},\"inLanguage\":\"hu\",\"potentialAction\":[{\"@type\":\"ReadAction\",\"target\":[\"https:\\\/\\\/www.fiumeiresidence.hu\\\/hu\\\/adatvedelmi-iranyelvek\\\/\"]}]},{\"@type\":\"BreadcrumbList\",\"@id\":\"https:\\\/\\\/www.fiumeiresidence.hu\\\/hu\\\/adatvedelmi-iranyelvek\\\/#breadcrumb\",\"itemListElement\":[{\"@type\":\"ListItem\",\"position\":1,\"name\":\"Domovsk\u00e1 str\u00e1nka\",\"item\":\"https:\\\/\\\/www.fiumeiresidence.hu\\\/hu\\\/\"},{\"@type\":\"ListItem\",\"position\":2,\"name\":\"Adatv\u00e9delmi Ir\u00e1nyelvek\"}]},{\"@type\":\"WebSite\",\"@id\":\"https:\\\/\\\/www.fiumeiresidence.hu\\\/#website\",\"url\":\"https:\\\/\\\/www.fiumeiresidence.hu\\\/\",\"name\":\"Fiumei\",\"description\":\"\",\"publisher\":{\"@id\":\"https:\\\/\\\/www.fiumeiresidence.hu\\\/#organization\"},\"potentialAction\":[{\"@type\":\"SearchAction\",\"target\":{\"@type\":\"EntryPoint\",\"urlTemplate\":\"https:\\\/\\\/www.fiumeiresidence.hu\\\/?s={search_term_string}\"},\"query-input\":{\"@type\":\"PropertyValueSpecification\",\"valueRequired\":true,\"valueName\":\"search_term_string\"}}],\"inLanguage\":\"hu\"},{\"@type\":\"Organization\",\"@id\":\"https:\\\/\\\/www.fiumeiresidence.hu\\\/#organization\",\"name\":\"Fiumei Residence\",\"url\":\"https:\\\/\\\/www.fiumeiresidence.hu\\\/\",\"logo\":{\"@type\":\"ImageObject\",\"inLanguage\":\"hu\",\"@id\":\"https:\\\/\\\/www.fiumeiresidence.hu\\\/#\\\/schema\\\/logo\\\/image\\\/\",\"url\":\"https:\\\/\\\/www.fiumeiresidence.hu\\\/wp-content\\\/uploads\\\/2022\\\/06\\\/Fiumei-logo1.png\",\"contentUrl\":\"https:\\\/\\\/www.fiumeiresidence.hu\\\/wp-content\\\/uploads\\\/2022\\\/06\\\/Fiumei-logo1.png\",\"width\":855,\"height\":868,\"caption\":\"Fiumei Residence\"},\"image\":{\"@id\":\"https:\\\/\\\/www.fiumeiresidence.hu\\\/#\\\/schema\\\/logo\\\/image\\\/\"}}]}<\/script>\n<!-- \/ Yoast SEO plugin. -->","yoast_head_json":{"title":"Adatv\u00e9delmi Ir\u00e1nyelvek - Fiumei","robots":{"index":"index","follow":"follow","max-snippet":"max-snippet:-1","max-image-preview":"max-image-preview:large","max-video-preview":"max-video-preview:-1"},"canonical":"https:\/\/www.fiumeiresidence.hu\/hu\/adatvedelmi-iranyelvek\/","og_locale":"hu_HU","og_type":"article","og_title":"Adatv\u00e9delmi Ir\u00e1nyelvek - Fiumei","og_description":"A Fiumei Vir\u00e1g Zrt. www.fiumeiresidence.hu weboldal\u00e1hoz kapcsol\u00f3d\u00f3 adatv\u00e9delmi \u00e9s adatkezel\u00e9si szab\u00e1lyzata \u00e9s t\u00e1j\u00e9koztat\u00f3ja &nbsp; I. Fogalommeghat\u00e1roz\u00e1sok 1. Weboldal: a https:\/\/www.fiumeiresidence.hu\/ c\u00edmen el\u00e9rhet\u0151, \u201eFiumei Residence\u201d lak\u00f3\u00e9p\u00fclet beruh\u00e1z\u00e1st bemutat\u00f3 weboldal. 2. Szem\u00e9lyes...","og_url":"https:\/\/www.fiumeiresidence.hu\/hu\/adatvedelmi-iranyelvek\/","og_site_name":"Fiumei","article_modified_time":"2022-10-22T19:20:27+00:00","og_image":[{"width":1179,"height":630,"url":"https:\/\/www.fiumeiresidence.hu\/wp-content\/uploads\/2021\/06\/shareimage-fiumei.jpg","type":"image\/jpeg"}],"twitter_card":"summary_large_image","twitter_misc":{"Becs\u00fclt olvas\u00e1si id\u0151":"11 perc"},"schema":{"@context":"https:\/\/schema.org","@graph":[{"@type":"WebPage","@id":"https:\/\/www.fiumeiresidence.hu\/hu\/adatvedelmi-iranyelvek\/","url":"https:\/\/www.fiumeiresidence.hu\/hu\/adatvedelmi-iranyelvek\/","name":"Adatv\u00e9delmi Ir\u00e1nyelvek - Fiumei","isPartOf":{"@id":"https:\/\/www.fiumeiresidence.hu\/#website"},"datePublished":"2021-06-09T08:34:08+00:00","dateModified":"2022-10-22T19:20:27+00:00","breadcrumb":{"@id":"https:\/\/www.fiumeiresidence.hu\/hu\/adatvedelmi-iranyelvek\/#breadcrumb"},"inLanguage":"hu","potentialAction":[{"@type":"ReadAction","target":["https:\/\/www.fiumeiresidence.hu\/hu\/adatvedelmi-iranyelvek\/"]}]},{"@type":"BreadcrumbList","@id":"https:\/\/www.fiumeiresidence.hu\/hu\/adatvedelmi-iranyelvek\/#breadcrumb","itemListElement":[{"@type":"ListItem","position":1,"name":"Domovsk\u00e1 str\u00e1nka","item":"https:\/\/www.fiumeiresidence.hu\/hu\/"},{"@type":"ListItem","position":2,"name":"Adatv\u00e9delmi Ir\u00e1nyelvek"}]},{"@type":"WebSite","@id":"https:\/\/www.fiumeiresidence.hu\/#website","url":"https:\/\/www.fiumeiresidence.hu\/","name":"Fiumei","description":"","publisher":{"@id":"https:\/\/www.fiumeiresidence.hu\/#organization"},"potentialAction":[{"@type":"SearchAction","target":{"@type":"EntryPoint","urlTemplate":"https:\/\/www.fiumeiresidence.hu\/?s={search_term_string}"},"query-input":{"@type":"PropertyValueSpecification","valueRequired":true,"valueName":"search_term_string"}}],"inLanguage":"hu"},{"@type":"Organization","@id":"https:\/\/www.fiumeiresidence.hu\/#organization","name":"Fiumei Residence","url":"https:\/\/www.fiumeiresidence.hu\/","logo":{"@type":"ImageObject","inLanguage":"hu","@id":"https:\/\/www.fiumeiresidence.hu\/#\/schema\/logo\/image\/","url":"https:\/\/www.fiumeiresidence.hu\/wp-content\/uploads\/2022\/06\/Fiumei-logo1.png","contentUrl":"https:\/\/www.fiumeiresidence.hu\/wp-content\/uploads\/2022\/06\/Fiumei-logo1.png","width":855,"height":868,"caption":"Fiumei Residence"},"image":{"@id":"https:\/\/www.fiumeiresidence.hu\/#\/schema\/logo\/image\/"}}]}},"_links":{"self":[{"href":"https:\/\/www.fiumeiresidence.hu\/hu\/wp-json\/wp\/v2\/pages\/3","targetHints":{"allow":["GET"]}}],"collection":[{"href":"https:\/\/www.fiumeiresidence.hu\/hu\/wp-json\/wp\/v2\/pages"}],"about":[{"href":"https:\/\/www.fiumeiresidence.hu\/hu\/wp-json\/wp\/v2\/types\/page"}],"author":[{"embeddable":true,"href":"https:\/\/www.fiumeiresidence.hu\/hu\/wp-json\/wp\/v2\/users\/1"}],"replies":[{"embeddable":true,"href":"https:\/\/www.fiumeiresidence.hu\/hu\/wp-json\/wp\/v2\/comments?post=3"}],"version-history":[{"count":3,"href":"https:\/\/www.fiumeiresidence.hu\/hu\/wp-json\/wp\/v2\/pages\/3\/revisions"}],"predecessor-version":[{"id":2203,"href":"https:\/\/www.fiumeiresidence.hu\/hu\/wp-json\/wp\/v2\/pages\/3\/revisions\/2203"}],"wp:attachment":[{"href":"https:\/\/www.fiumeiresidence.hu\/hu\/wp-json\/wp\/v2\/media?parent=3"}],"curies":[{"name":"wp","href":"https:\/\/api.w.org\/{rel}","templated":true}]}}